{"id":1429,"date":"2025-06-27T12:57:00","date_gmt":"2025-06-27T12:57:00","guid":{"rendered":"https:\/\/feuerwehr-nalbach.de\/?post_type=einsatz&#038;p=1429"},"modified":"2025-07-05T16:21:13","modified_gmt":"2025-07-05T16:21:13","slug":"%f0%9f%93%9f-brand-3-ausgeloester-rauchwarnmelder","status":"publish","type":"einsatz","link":"https:\/\/ff-nalbach.de\/?einsatz=%f0%9f%93%9f-brand-3-ausgeloester-rauchwarnmelder","title":{"rendered":"\ud83d\udcdf Brand 3 &#8211; ausgel\u00f6ster Rauchwarnmelder"},"content":{"rendered":"\r\n<p>Bericht: Zur heutigen Mittagsstunde wurden wir zu einem ausgel\u00f6sten Rauchwarnmelder in der Gartenstra\u00dfe alarmiert. Nach einer ersten Erkundung durch den Gruppenf\u00fchrer des ersteintreffenden Nalbach 1\/46 konnte festgestellt werden, dass angebranntes Essen die Ursache f\u00fcr das Ausl\u00f6sen der Rauchwarnmelder war. Gl\u00fccklicherweise wurde bei diesem Einsatz niemand gef\u00e4hrdet oder verletzt. Das betroffene Wohnanwesen wurde durch die Feuerwehr bel\u00fcftet und die Einsatzstelle der Polizei \u00fcbergeben.<\/p>\r\n<p><img fetchpriority=\"high\" decoding=\"async\" class=\"alignnone size-medium wp-image-1230\" src=\"https:\/\/feuerwehr-nalbach.de\/wp-content\/uploads\/2025\/07\/Bild-4-300x300.jpeg\" alt=\"\" width=\"300\" height=\"300\" srcset=\"https:\/\/ff-nalbach.de\/wp-content\/uploads\/2025\/07\/Bild-4-300x300.jpeg 300w, https:\/\/ff-nalbach.de\/wp-content\/uploads\/2025\/07\/Bild-4-1024x1024.jpeg 1024w, https:\/\/ff-nalbach.de\/wp-content\/uploads\/2025\/07\/Bild-4-150x150.jpeg 150w, https:\/\/ff-nalbach.de\/wp-content\/uploads\/2025\/07\/Bild-4-768x768.jpeg 768w, https:\/\/ff-nalbach.de\/wp-content\/uploads\/2025\/07\/Bild-4-600x600.jpeg 600w, https:\/\/ff-nalbach.de\/wp-content\/uploads\/2025\/07\/Bild-4.jpeg 1367w\" sizes=\"(max-width: 300px) 100vw, 300px\" \/><\/p>\r\n","protected":false},"excerpt":{"rendered":"<p>Bericht: Zur heutigen Mittagsstunde wurden wir zu einem ausgel\u00f6sten Rauchwarnmelder in der Gartenstra\u00dfe alarmiert. Nach einer ersten Erkundung durch den Gruppenf\u00fchrer des ersteintreffenden Nalbach 1\/46 konnte festgestellt werden, dass angebranntes Essen die Ursache f\u00fcr das Ausl\u00f6sen der Rauchwarnmelder war. Gl\u00fccklicherweise wurde bei diesem Einsatz niemand gef\u00e4hrdet oder verletzt. Das betroffene Wohnanwesen wurde durch die Feuerwehr [&hellip;]<\/p>\n","protected":false},"author":2,"featured_media":0,"template":"","meta":{"ocean_post_layout":"","ocean_both_sidebars_style":"","ocean_both_sidebars_content_width":0,"ocean_both_sidebars_sidebars_width":0,"ocean_sidebar":"","ocean_second_sidebar":"","ocean_disable_margins":"enable","ocean_add_body_class":"","ocean_shortcode_before_top_bar":"","ocean_shortcode_after_top_bar":"","ocean_shortcode_before_header":"","ocean_shortcode_after_header":"","ocean_has_shortcode":"","ocean_shortcode_after_title":"","ocean_shortcode_before_footer_widgets":"","ocean_shortcode_after_footer_widgets":"","ocean_shortcode_before_footer_bottom":"","ocean_shortcode_after_footer_bottom":"","ocean_display_top_bar":"default","ocean_display_header":"default","ocean_header_style":"","ocean_center_header_left_menu":"","ocean_custom_header_template":"","ocean_custom_logo":0,"ocean_custom_retina_logo":0,"ocean_custom_logo_max_width":0,"ocean_custom_logo_tablet_max_width":0,"ocean_custom_logo_mobile_max_width":0,"ocean_custom_logo_max_height":0,"ocean_custom_logo_tablet_max_height":0,"ocean_custom_logo_mobile_max_height":0,"ocean_header_custom_menu":"","ocean_menu_typo_font_family":"","ocean_menu_typo_font_subset":"","ocean_menu_typo_font_size":0,"ocean_menu_typo_font_size_tablet":0,"ocean_menu_typo_font_size_mobile":0,"ocean_menu_typo_font_size_unit":"px","ocean_menu_typo_font_weight":"","ocean_menu_typo_font_weight_tablet":"","ocean_menu_typo_font_weight_mobile":"","ocean_menu_typo_transform":"","ocean_menu_typo_transform_tablet":"","ocean_menu_typo_transform_mobile":"","ocean_menu_typo_line_height":0,"ocean_menu_typo_line_height_tablet":0,"ocean_menu_typo_line_height_mobile":0,"ocean_menu_typo_line_height_unit":"","ocean_menu_typo_spacing":0,"ocean_menu_typo_spacing_tablet":0,"ocean_menu_typo_spacing_mobile":0,"ocean_menu_typo_spacing_unit":"","ocean_menu_link_color":"","ocean_menu_link_color_hover":"","ocean_menu_link_color_active":"","ocean_menu_link_background":"","ocean_menu_link_hover_background":"","ocean_menu_link_active_background":"","ocean_menu_social_links_bg":"","ocean_menu_social_hover_links_bg":"","ocean_menu_social_links_color":"","ocean_menu_social_hover_links_color":"","ocean_disable_title":"default","ocean_disable_heading":"default","ocean_post_title":"","ocean_post_subheading":"","ocean_post_title_style":"","ocean_post_title_background_color":"","ocean_post_title_background":0,"ocean_post_title_bg_image_position":"","ocean_post_title_bg_image_attachment":"","ocean_post_title_bg_image_repeat":"","ocean_post_title_bg_image_size":"","ocean_post_title_height":0,"ocean_post_title_bg_overlay":0.5,"ocean_post_title_bg_overlay_color":"","ocean_disable_breadcrumbs":"default","ocean_breadcrumbs_color":"","ocean_breadcrumbs_separator_color":"","ocean_breadcrumbs_links_color":"","ocean_breadcrumbs_links_hover_color":"","ocean_display_footer_widgets":"default","ocean_display_footer_bottom":"default","ocean_custom_footer_template":"","einsatz_weight":1,"footnotes":""},"categories":[24],"einsatzart":[11],"fahrzeug":[16,15,14,17],"exteinsatzmittel":[21,22],"alarmierungsart":[18],"evw_unit":[9],"class_list":["post-1429","einsatz","type-einsatz","status-publish","hentry","category-einsatzbericht","einsatzart-brand","fahrzeug-nalbach-1-11-elw-1","fahrzeug-nalbach-1-24-tlf-4000","fahrzeug-nalbach-1-46-hlf-20-20","fahrzeug-nalbach-1-61-gw-l-1","exteinsatzmittel-polizei","exteinsatzmittel-rettungsdienst","alarmierungsart-dme-mit-sirene","evw_unit-lb-nalbach-1","entry"],"_links":{"self":[{"href":"https:\/\/ff-nalbach.de\/index.php?rest_route=\/wp\/v2\/einsatz\/1429","targetHints":{"allow":["GET"]}}],"collection":[{"href":"https:\/\/ff-nalbach.de\/index.php?rest_route=\/wp\/v2\/einsatz"}],"about":[{"href":"https:\/\/ff-nalbach.de\/index.php?rest_route=\/wp\/v2\/types\/einsatz"}],"author":[{"embeddable":true,"href":"https:\/\/ff-nalbach.de\/index.php?rest_route=\/wp\/v2\/users\/2"}],"version-history":[{"count":4,"href":"https:\/\/ff-nalbach.de\/index.php?rest_route=\/wp\/v2\/einsatz\/1429\/revisions"}],"predecessor-version":[{"id":1478,"href":"https:\/\/ff-nalbach.de\/index.php?rest_route=\/wp\/v2\/einsatz\/1429\/revisions\/1478"}],"wp:attachment":[{"href":"https:\/\/ff-nalbach.de\/index.php?rest_route=%2Fwp%2Fv2%2Fmedia&parent=1429"}],"wp:term":[{"taxonomy":"category","embeddable":true,"href":"https:\/\/ff-nalbach.de\/index.php?rest_route=%2Fwp%2Fv2%2Fcategories&post=1429"},{"taxonomy":"einsatzart","embeddable":true,"href":"https:\/\/ff-nalbach.de\/index.php?rest_route=%2Fwp%2Fv2%2Feinsatzart&post=1429"},{"taxonomy":"fahrzeug","embeddable":true,"href":"https:\/\/ff-nalbach.de\/index.php?rest_route=%2Fwp%2Fv2%2Ffahrzeug&post=1429"},{"taxonomy":"exteinsatzmittel","embeddable":true,"href":"https:\/\/ff-nalbach.de\/index.php?rest_route=%2Fwp%2Fv2%2Fexteinsatzmittel&post=1429"},{"taxonomy":"alarmierungsart","embeddable":true,"href":"https:\/\/ff-nalbach.de\/index.php?rest_route=%2Fwp%2Fv2%2Falarmierungsart&post=1429"},{"taxonomy":"evw_unit","embeddable":true,"href":"https:\/\/ff-nalbach.de\/index.php?rest_route=%2Fwp%2Fv2%2Fevw_unit&post=1429"}],"curies":[{"name":"wp","href":"https:\/\/api.w.org\/{rel}","templated":true}]}}